{"id":9238,"date":"2025-05-06T13:27:18","date_gmt":"2025-05-06T10:27:18","guid":{"rendered":"https:\/\/sodik.fi\/?page_id=9238"},"modified":"2025-06-04T11:33:02","modified_gmt":"2025-06-04T08:33:02","slug":"arctic-aviation-day-fly-in-sodankyla-2025","status":"publish","type":"page","link":"https:\/\/sodik.fi\/?page_id=9238","title":{"rendered":"Arctic Aviation Day &#8211; Fly in EFSO Sodankyl\u00e4 2025"},"content":{"rendered":"<div class=\"wp-block-image\">\n<figure class=\"aligncenter size-full\"><a href=\"https:\/\/sodik.fi\/wp-content\/uploads\/2025\/05\/Lentonaytos-2025.jpeg\"><img decoding=\"async\" src=\"https:\/\/sodik.fi\/wp-content\/uploads\/2025\/05\/Lentonaytos-2025.jpeg\" alt=\"\" class=\"wp-image-9285\"\/><\/a><\/figure><\/div>\n\n\n<p>Sodankyl\u00e4n Ilmailukerho t\u00e4ytt\u00e4\u00e4 t\u00e4n\u00e4 vuonna 60 vuotta ja j\u00e4rjest\u00e4mme 7.6.2025 ilmailutapahtuman Sodankyl\u00e4n lentokent\u00e4ll\u00e4. Alueelle p\u00e4\u00e4see klo 10 alkaen ja ohjelma alkaa klo 12. Ohjelma p\u00e4\u00e4ttyy klo 17. Fly in -kutsutapahtumaan saapuvien ilma-alusten toivotaan laskeutuvan klo 10-11 v\u00e4lisen\u00e4 aikana. <\/p>\n\n\n\n<p>Tapahtuma sis\u00e4lt\u00e4\u00e4 ilmailijoille suunnatun Fly In -kutsutapahtuman ja yleis\u00f6lle vapaan osuuden. Yleis\u00f6lle vapaassa tilaisuudessa esitell\u00e4\u00e4n laajalti lentotoimintamuotoja ilmassa sek\u00e4 maan\u00e4yttelyss\u00e4 lentokentt\u00e4alueella. Tapahtumassa esitell\u00e4\u00e4n ilmailua harrasteena ja ammattina sek\u00e4 tuodaan esille sidosryhmien toimintaa Sodankyl\u00e4n talousalueella.<\/p>\n\n\n\n<p>Vapaa p\u00e4\u00e4sy, tervetuloa!<\/p>\n\n\n\n<p><strong>HUOM!<\/strong> Tutustu my\u00f6s jo nyt saatavissa olevaan, kerhostamme kertovaan Ilmailu-lehden artikkeliin <em><a href=\"https:\/\/ilmailuliitto.fi\/ilmailu-lehti\/sodankylan-ilmailukerho-ry-arktista-ilmailua-60-vuotta\/\" target=\"_blank\" rel=\"noreferrer noopener\">Sodankyl\u00e4n Ilmailukerho ry: Arktista ilmailua 60 vuotta<\/a>!<\/em><\/p>\n\n\n\n<div style=\"height:30px\" aria-hidden=\"true\" class=\"wp-block-spacer\"><\/div>\n\n\n\n<p><strong>Ohjelma:<\/strong><\/p>\n\n\n\n<p>09.00 Lent\u00e4j\u00e4 briefing<br \/>10.00 Tutustumislennot alkaa<br \/>11.00 Purjelento briefing<br \/>12.00 Tilaisuuden avaus<br \/>12.30 Drone \/ RC esitys<br \/>13.00 Vinka L-70 lentoesitys<br \/>13.30 Sammutuslenton\u00e4yt\u00f6s<br \/>14.00 Christen Eagle ll -taitolentoesitys<br \/>14.30 Ultra -lentoesitys<br \/>15.00 Vinka L-70 lentoesitys<br \/>15.30 Sammutuslenton\u00e4yt\u00f6s<br \/>16.00 Christen Eagle ll -taitolentoesitys<\/p>\n\n\n\n<p>Ohjelman toteutuksessa s\u00e4\u00e4varaus, muutokset mahdollisia.<\/p>\n\n\n\n<div style=\"height:30px\" aria-hidden=\"true\" class=\"wp-block-spacer\"><\/div>\n\n\n\n<p><a href=\"https:\/\/sodik.fi\/?page_id=9244\" target=\"_blank\" rel=\"noreferrer noopener\">Tapahtumaan saapuvalle lent\u00e4j\u00e4lle briefing-sivu<\/a>:<\/p>\n\n\n\n<figure class=\"wp-block-image size-full is-resized\"><a href=\"https:\/\/sodik.fi\/?page_id=9244\"><img loading=\"lazy\" decoding=\"async\" width=\"128\" height=\"105\" src=\"https:\/\/sodik.fi\/wp-content\/uploads\/2024\/02\/c_logo.webp\" alt=\"\" class=\"wp-image-8839\" style=\"width:94px;height:auto\"\/><\/a><\/figure>\n\n\n\n<div style=\"height:30px\" aria-hidden=\"true\" class=\"wp-block-spacer\"><\/div>\n\n\n\n<p><strong>Tapahtuman tukijat:<\/strong><\/p>\n\n\n\n<figure class=\"wp-block-image size-full is-resized\"><a href=\"https:\/\/www.boliden.com\/\" target=\"_blank\" rel=\"noreferrer noopener\"><img loading=\"lazy\" decoding=\"async\" width=\"282\" height=\"72\" src=\"https:\/\/sodik.fi\/wp-content\/uploads\/2025\/05\/Boliden-logo.jpg\" alt=\"\" class=\"wp-image-9289\" style=\"width:291px;height:auto\"\/><\/a><\/figure>\n\n\n\n<figure class=\"wp-block-image size-large is-resized\"><a href=\"https:\/\/heliflite.fi\/\" target=\"_blank\" rel=\"noreferrer noopener\"><img loading=\"lazy\" decoding=\"async\" width=\"1024\" height=\"211\" src=\"https:\/\/sodik.fi\/wp-content\/uploads\/2025\/05\/01-HeliFlite-logo-blue-RGB-1024x211.png\" alt=\"\" class=\"wp-image-9290\" style=\"width:291px;height:auto\" srcset=\"https:\/\/sodik.fi\/wp-content\/uploads\/2025\/05\/01-HeliFlite-logo-blue-RGB-1024x211.png 1024w, https:\/\/sodik.fi\/wp-content\/uploads\/2025\/05\/01-HeliFlite-logo-blue-RGB-300x62.png 300w, https:\/\/sodik.fi\/wp-content\/uploads\/2025\/05\/01-HeliFlite-logo-blue-RGB-768x158.png 768w, https:\/\/sodik.fi\/wp-content\/uploads\/2025\/05\/01-HeliFlite-logo-blue-RGB-1536x316.png 1536w, https:\/\/sodik.fi\/wp-content\/uploads\/2025\/05\/01-HeliFlite-logo-blue-RGB-500x103.png 500w, https:\/\/sodik.fi\/wp-content\/uploads\/2025\/05\/01-HeliFlite-logo-blue-RGB.png 1612w\" sizes=\"(max-width: 1024px) 100vw, 1024px\" \/><\/a><\/figure>\n\n\n\n<figure class=\"wp-block-image size-full is-resized\"><a href=\"https:\/\/www.kanair.fi\/\" target=\"_blank\" rel=\"noreferrer noopener\"><img loading=\"lazy\" decoding=\"async\" width=\"414\" height=\"76\" src=\"https:\/\/sodik.fi\/wp-content\/uploads\/2025\/05\/Kanair-oy.jpg\" alt=\"\" class=\"wp-image-9291\" style=\"width:292px;height:auto\" srcset=\"https:\/\/sodik.fi\/wp-content\/uploads\/2025\/05\/Kanair-oy.jpg 414w, https:\/\/sodik.fi\/wp-content\/uploads\/2025\/05\/Kanair-oy-300x55.jpg 300w\" sizes=\"(max-width: 414px) 100vw, 414px\" \/><\/a><\/figure>\n\n\n\n<figure class=\"wp-block-image size-full is-resized\"><a href=\"https:\/\/www.kukkamarkkinat.fi\/\" target=\"_blank\" rel=\"noreferrer noopener\"><img loading=\"lazy\" decoding=\"async\" width=\"711\" height=\"150\" src=\"https:\/\/sodik.fi\/wp-content\/uploads\/2025\/05\/Kukkamarkkinat-oy.jpg\" alt=\"\" class=\"wp-image-9292\" style=\"width:292px;height:auto\" srcset=\"https:\/\/sodik.fi\/wp-content\/uploads\/2025\/05\/Kukkamarkkinat-oy.jpg 711w, https:\/\/sodik.fi\/wp-content\/uploads\/2025\/05\/Kukkamarkkinat-oy-300x63.jpg 300w, https:\/\/sodik.fi\/wp-content\/uploads\/2025\/05\/Kukkamarkkinat-oy-500x105.jpg 500w\" sizes=\"(max-width: 711px) 100vw, 711px\" \/><\/a><\/figure>\n\n\n\n<figure class=\"wp-block-image size-full is-resized\"><a href=\"https:\/\/www.redu.fi\/fi\" target=\"_blank\" rel=\"noreferrer noopener\"><img loading=\"lazy\" decoding=\"async\" width=\"263\" height=\"96\" src=\"https:\/\/sodik.fi\/wp-content\/uploads\/2025\/05\/REDU.jpg\" alt=\"\" class=\"wp-image-9293\" style=\"width:289px;height:auto\"\/><\/a><\/figure>\n\n\n\n<figure class=\"wp-block-image size-full is-resized\"><a href=\"https:\/\/www.sodankyla.fi\/\" target=\"_blank\" rel=\"noreferrer noopener\"><img loading=\"lazy\" decoding=\"async\" width=\"287\" height=\"94\" src=\"https:\/\/sodik.fi\/wp-content\/uploads\/2025\/05\/Sodankyla.jpg\" alt=\"\" class=\"wp-image-9294\" style=\"width:290px;height:auto\"\/><\/a><\/figure>\n\n\n\n<p>Mukana tukemasssa my\u00f6s:<\/p>\n\n\n\n<ul>\n<li><a href=\"https:\/\/maavoimat.fi\/jaakariprikaati\">J\u00e4\u00e4k\u00e4riprikaati<\/a><\/li>\n\n\n\n<li>Lapin Pelastushelikopterin Tuki ry, <a href=\"https:\/\/aslak.fi\/\" target=\"_blank\" rel=\"noreferrer noopener\">Pelastushelikopteri Aslak<\/a><\/li>\n\n\n\n<li><a href=\"https:\/\/pelastustoimi.fi\/lappi\" target=\"_blank\" rel=\"noreferrer noopener\">Lapin pelastuslaitos<\/a><\/li>\n\n\n\n<li><a href=\"https:\/\/ilmailuliitto.fi\/\" target=\"_blank\" rel=\"noreferrer noopener\">Suomen Ilmailuliitto ry<\/a><\/li>\n\n\n\n<li><a href=\"https:\/\/finaa.fi\/\" target=\"_blank\" rel=\"noreferrer noopener\">Suomen Ilmailuopisto Oy<\/a><\/li>\n\n\n\n<li><a href=\"https:\/\/lentopelastus.fi\/\" target=\"_blank\" rel=\"noreferrer noopener\">Suomen Lentopelastusseura ry<\/a><\/li>\n<\/ul>\n","protected":false},"excerpt":{"rendered":"<p>Sodankyl\u00e4n Ilmailukerho t\u00e4ytt\u00e4\u00e4 t\u00e4n\u00e4 vuonna 60 vuotta ja j\u00e4rjest\u00e4mme 7.6.2025 ilmailutapahtuman Sodankyl\u00e4n lentokent\u00e4ll\u00e4. Alueelle p\u00e4\u00e4see klo 10 alkaen ja ohjelma alkaa klo 12. Ohjelma p\u00e4\u00e4ttyy klo 17. Fly in -kutsutapahtumaan saapuvien ilma-alusten toivotaan laskeutuvan klo 10-11 v\u00e4lisen\u00e4 aikana. Tapahtuma sis\u00e4lt\u00e4\u00e4 &hellip; <a href=\"https:\/\/sodik.fi\/?page_id=9238\">Lue loppuun <span class=\"meta-nav\">&rarr;<\/span><\/a><\/p>\n","protected":false},"author":11,"featured_media":0,"parent":0,"menu_order":0,"comment_status":"closed","ping_status":"closed","template":"","meta":{"footnotes":""},"publishpress_future_action":{"enabled":false,"date":"2026-05-08 13:19:38","action":"draft","terms":[],"taxonomy":""},"_links":{"self":[{"href":"https:\/\/sodik.fi\/index.php?rest_route=\/wp\/v2\/pages\/9238"}],"collection":[{"href":"https:\/\/sodik.fi\/index.php?rest_route=\/wp\/v2\/pages"}],"about":[{"href":"https:\/\/sodik.fi\/index.php?rest_route=\/wp\/v2\/types\/page"}],"author":[{"embeddable":true,"href":"https:\/\/sodik.fi\/index.php?rest_route=\/wp\/v2\/users\/11"}],"replies":[{"embeddable":true,"href":"https:\/\/sodik.fi\/index.php?rest_route=%2Fwp%2Fv2%2Fcomments&post=9238"}],"version-history":[{"count":26,"href":"https:\/\/sodik.fi\/index.php?rest_route=\/wp\/v2\/pages\/9238\/revisions"}],"predecessor-version":[{"id":9303,"href":"https:\/\/sodik.fi\/index.php?rest_route=\/wp\/v2\/pages\/9238\/revisions\/9303"}],"wp:attachment":[{"href":"https:\/\/sodik.fi\/index.php?rest_route=%2Fwp%2Fv2%2Fmedia&parent=9238"}],"curies":[{"name":"wp","href":"https:\/\/api.w.org\/{rel}","templated":true}]}}